{"id":1457,"date":"2019-11-15T12:03:43","date_gmt":"2019-11-15T12:03:43","guid":{"rendered":"http:\/\/feguars.es\/?page_id=1457"},"modified":"2019-11-15T12:04:00","modified_gmt":"2019-11-15T12:04:00","slug":"andaluces-de-jaen","status":"publish","type":"page","link":"http:\/\/feguars.es\/?page_id=1457","title":{"rendered":"Andaluces de Ja\u00e9n"},"content":{"rendered":"<p><a href=\"http:\/\/feguars.es\/wp-content\/uploads\/2019\/11\/Andaluces-de-Jaen-73-x-92-Cm..jpg\" data-gallery><img loading=\"lazy\" decoding=\"async\" class=\"aligncenter wp-image-1460 \" src=\"http:\/\/feguars.es\/wp-content\/uploads\/2019\/11\/Andaluces-de-Jaen-73-x-92-Cm.-300x243.jpg\" alt=\"\" width=\"343\" height=\"279\" srcset=\"http:\/\/feguars.es\/wp-content\/uploads\/2019\/11\/Andaluces-de-Jaen-73-x-92-Cm.-300x243.jpg 300w, http:\/\/feguars.es\/wp-content\/uploads\/2019\/11\/Andaluces-de-Jaen-73-x-92-Cm.-1148x929.jpg 1148w\" sizes=\"auto, (max-width: 343px) 100vw, 343px\" \/><\/a><\/p>\n<p>&nbsp;<\/p>\n<table width=\"94%\">\n<tbody>\n<tr>\n<td width=\"24%\"><strong>T\u00edtulo<\/strong><\/td>\n<td>Andaluces de Ja\u00e9n<\/td>\n<\/tr>\n<tr>\n<td width=\"24%\"><strong>Medidas<\/strong><\/td>\n<td>73 x 92 cm<\/td>\n<\/tr>\n<tr>\n<td width=\"24%\"><strong>T\u00e9cnica<\/strong><\/td>\n<td>\u00d3leo sobre lienzo.<\/td>\n<\/tr>\n<tr>\n<td colspan=\"2\"><strong>Letra: Miguel Hern\u00e1ndez\u00a0\u00a0\u00a0 M\u00fasica: Paco Iba\u00f1ez.<\/strong><\/td>\n<\/tr>\n<\/tbody>\n<\/table>\n<p style=\"text-align: center;\">Andaluces de Ja\u00e9n<br \/>\nAceituneros altivos,<br \/>\ndecidme en el alma, \u00bfqui\u00e9n?<br \/>\n\u00bfqui\u00e9n levant\u00f3 los olivos?<br \/>\nAndaluces de Ja\u00e9n,<br \/>\nAndaluces de Ja\u00e9n.<\/p>\n<p style=\"text-align: center;\">No los levant\u00f3 la nada,<br \/>\nni el dinero ni el se\u00f1or,<br \/>\nsino la tierra callada<br \/>\nel trabajo y el sudor.<\/p>\n<p style=\"text-align: center;\">Unidos al agua pura,<br \/>\ny a los planetas unidos,<br \/>\nlos tres dieron la hermosura<br \/>\nde los troncos retorcidos.<br \/>\nAndaluces de Ja\u00e9n.<\/p>\n<p style=\"text-align: center;\">Andaluces de Ja\u00e9n,<br \/>\nAceituneros altivos,<br \/>\ndecidme en el alma, \u00bfde qui\u00e9n?<br \/>\n\u00bfde qui\u00e9n son estos olivos?<br \/>\nAndaluces de Ja\u00e9n,<br \/>\nAndaluces de Ja\u00e9n.<\/p>\n<p style=\"text-align: center;\">Cu\u00e1ntos siglos de aceituna,<br \/>\nlos pies y las manos presos,<br \/>\nsol a sol y luna a luna<br \/>\npesan sobre vuestros huesos.<\/p>\n<p style=\"text-align: center;\">Ja\u00e9n lev\u00e1ntate, brava,<br \/>\nsobre tus piedras lunares,<br \/>\nno vayas a ser esclava<br \/>\ncon todos tus olivares,<br \/>\nAndaluces de Ja\u00e9n.<\/p>\n<p style=\"text-align: center;\">Andaluces de Ja\u00e9n,<br \/>\nAceituneros altivos,<br \/>\ndecidme en el alma, \u00bfde qui\u00e9n?<br \/>\n\u00bfde qui\u00e9n son estos olivos?<br \/>\nAndaluces de Ja\u00e9n,<br \/>\nAndaluces de Ja\u00e9n.<\/p>\n<p>&nbsp;<\/p>\n","protected":false},"excerpt":{"rendered":"<p>&nbsp; T\u00edtulo Andaluces de Ja\u00e9n Medidas 73 x 92 cm T\u00e9cnica \u00d3leo sobre lienzo. Letra: Miguel Hern\u00e1ndez\u00a0\u00a0\u00a0 M\u00fasica: Paco Iba\u00f1ez. Andaluces de Ja\u00e9n Aceituneros altivos, decidme en el alma, \u00bfqui\u00e9n? \u00bfqui\u00e9n levant\u00f3 los olivos? Andaluces de Ja\u00e9n, Andaluces de Ja\u00e9n. <span class=\"excerpt-dots\">&hellip;<\/span> <a class=\"more-link\" href=\"http:\/\/feguars.es\/?page_id=1457\"><span class=\"more-msg\">Sigue leyendo &rarr;<\/span><\/a><\/p>\n","protected":false},"author":1,"featured_media":1460,"parent":174,"menu_order":0,"comment_status":"closed","ping_status":"closed","template":"","meta":{"footnotes":""},"class_list":["post-1457","page","type-page","status-publish","has-post-thumbnail","hentry"],"_links":{"self":[{"href":"http:\/\/feguars.es\/index.php?rest_route=\/wp\/v2\/pages\/1457","targetHints":{"allow":["GET"]}}],"collection":[{"href":"http:\/\/feguars.es\/index.php?rest_route=\/wp\/v2\/pages"}],"about":[{"href":"http:\/\/feguars.es\/index.php?rest_route=\/wp\/v2\/types\/page"}],"author":[{"embeddable":true,"href":"http:\/\/feguars.es\/index.php?rest_route=\/wp\/v2\/users\/1"}],"replies":[{"embeddable":true,"href":"http:\/\/feguars.es\/index.php?rest_route=%2Fwp%2Fv2%2Fcomments&post=1457"}],"version-history":[{"count":2,"href":"http:\/\/feguars.es\/index.php?rest_route=\/wp\/v2\/pages\/1457\/revisions"}],"predecessor-version":[{"id":1467,"href":"http:\/\/feguars.es\/index.php?rest_route=\/wp\/v2\/pages\/1457\/revisions\/1467"}],"up":[{"embeddable":true,"href":"http:\/\/feguars.es\/index.php?rest_route=\/wp\/v2\/pages\/174"}],"wp:featuredmedia":[{"embeddable":true,"href":"http:\/\/feguars.es\/index.php?rest_route=\/wp\/v2\/media\/1460"}],"wp:attachment":[{"href":"http:\/\/feguars.es\/index.php?rest_route=%2Fwp%2Fv2%2Fmedia&parent=1457"}],"curies":[{"name":"wp","href":"https:\/\/api.w.org\/{rel}","templated":true}]}}