{"id":190,"date":"2015-10-22T10:47:26","date_gmt":"2015-10-22T10:47:26","guid":{"rendered":"http:\/\/feguars.es\/?page_id=190"},"modified":"2018-06-29T16:15:46","modified_gmt":"2018-06-29T16:15:46","slug":"aragon","status":"publish","type":"page","link":"http:\/\/feguars.es\/?page_id=190","title":{"rendered":"Arag\u00f3n"},"content":{"rendered":"<p><a href=\"http:\/\/feguars.es\/wp-content\/uploads\/2015\/10\/Arag\u00f3n-116x89-Cm..jpg\" rel=\"lightbox\" data-gallery><img loading=\"lazy\" decoding=\"async\" class=\"aligncenter wp-image-192\" src=\"http:\/\/feguars.es\/wp-content\/uploads\/2015\/10\/Arag\u00f3n-116x89-Cm.-230x300.jpg\" alt=\"Arag\u00f3n 116x89 Cm.\" width=\"336\" height=\"432\" \/><\/a><\/p>\n<table id=\"table37\" border=\"0\" width=\"100%\" cellpadding=\"0\">\n<tbody>\n<tr>\n<td width=\"30\"><\/td>\n<td width=\"24%\"><b><span style=\"font-family: Verdana; font-size: x-large;\">T\u00edtulo<\/span><\/b><\/td>\n<td><span style=\"font-family: Verdana; font-size: x-large;\">Arag\u00f3n<\/span><\/td>\n<\/tr>\n<tr>\n<td width=\"30\"><\/td>\n<td width=\"24%\"><b><span style=\"font-family: Verdana; font-size: x-large;\">Medidas<\/span><\/b><\/td>\n<td><span style=\"font-family: Verdana; font-size: x-large;\">116 x 89 cm<\/span><\/td>\n<\/tr>\n<tr>\n<td width=\"30\"><\/td>\n<td width=\"24%\"><b><span style=\"font-family: Verdana; font-size: x-large;\">T\u00e9cnica<\/span><\/b><\/td>\n<td><span style=\"font-family: Verdana; font-size: x-large;\">\u00d3leo sobre lienzo.<\/span><\/td>\n<\/tr>\n<tr>\n<td width=\"30\"><\/td>\n<td colspan=\"2\"><b><span style=\"font-family: Verdana; font-size: small;\">Basado en la canci\u00f3n del mismo t\u00edtulo de Jos\u00e9 Antonio Labordeta<\/span><\/b><\/td>\n<\/tr>\n<tr>\n<td width=\"30\"><\/td>\n<td colspan=\"2\"><b><span style=\"font-family: Verdana; font-size: small;\">Extra\u00edda del CD \u201cCantar y Callar\u201d \u00a9Picap,S.L.<\/span><\/b><\/td>\n<\/tr>\n<\/tbody>\n<\/table>\n<p style=\"text-align: center;\">Polvo, niebla, viento y sol,<br \/>\ndonde hay agua una huerta.<br \/>\nAl Norte los Pirineos:<br \/>\nesta tierra es Arag\u00f3n.<\/p>\n<p style=\"text-align: center;\">Al Norte los Pirineos<br \/>\nal Sur la tierra callada.<br \/>\nPasa el Ebro por el centro<br \/>\ncon su soledad a la espalda.<\/p>\n<p style=\"text-align: center;\">Dicen que hay tierras al Este<br \/>\ndonde se trabaja y pagan.<br \/>\nHacia el Oeste el Moncayo<br \/>\ncomo un Dios que ya no ampara.<\/p>\n<p style=\"text-align: center;\">Desde tiempos a esta parte<br \/>\nvamos camino de nada.<br \/>\nVamos a ver c\u00f3mo el Ebro<br \/>\ncon su soledad se marcha.<\/p>\n<p style=\"text-align: center;\">Y con \u00e9l van en compa\u00f1a<br \/>\nlas gentes de estas vaguadas,<br \/>\nde estos valles, de esta sierra,<br \/>\nde estas huertas arruinadas.<\/p>\n<p style=\"text-align: center;\">Polvo, niebla, viento y sol.<\/p>\n","protected":false},"excerpt":{"rendered":"<p>T\u00edtulo Arag\u00f3n Medidas 116 x 89 cm T\u00e9cnica \u00d3leo sobre lienzo. Basado en la canci\u00f3n del mismo t\u00edtulo de Jos\u00e9 Antonio Labordeta Extra\u00edda del CD \u201cCantar y Callar\u201d \u00a9Picap,S.L. Polvo, niebla, viento y sol, donde hay agua una huerta. Al <span class=\"excerpt-dots\">&hellip;<\/span> <a class=\"more-link\" href=\"http:\/\/feguars.es\/?page_id=190\"><span class=\"more-msg\">Sigue leyendo &rarr;<\/span><\/a><\/p>\n","protected":false},"author":1,"featured_media":192,"parent":174,"menu_order":0,"comment_status":"closed","ping_status":"closed","template":"","meta":{"footnotes":""},"class_list":["post-190","page","type-page","status-publish","has-post-thumbnail","hentry"],"_links":{"self":[{"href":"http:\/\/feguars.es\/index.php?rest_route=\/wp\/v2\/pages\/190","targetHints":{"allow":["GET"]}}],"collection":[{"href":"http:\/\/feguars.es\/index.php?rest_route=\/wp\/v2\/pages"}],"about":[{"href":"http:\/\/feguars.es\/index.php?rest_route=\/wp\/v2\/types\/page"}],"author":[{"embeddable":true,"href":"http:\/\/feguars.es\/index.php?rest_route=\/wp\/v2\/users\/1"}],"replies":[{"embeddable":true,"href":"http:\/\/feguars.es\/index.php?rest_route=%2Fwp%2Fv2%2Fcomments&post=190"}],"version-history":[{"count":21,"href":"http:\/\/feguars.es\/index.php?rest_route=\/wp\/v2\/pages\/190\/revisions"}],"predecessor-version":[{"id":1058,"href":"http:\/\/feguars.es\/index.php?rest_route=\/wp\/v2\/pages\/190\/revisions\/1058"}],"up":[{"embeddable":true,"href":"http:\/\/feguars.es\/index.php?rest_route=\/wp\/v2\/pages\/174"}],"wp:featuredmedia":[{"embeddable":true,"href":"http:\/\/feguars.es\/index.php?rest_route=\/wp\/v2\/media\/192"}],"wp:attachment":[{"href":"http:\/\/feguars.es\/index.php?rest_route=%2Fwp%2Fv2%2Fmedia&parent=190"}],"curies":[{"name":"wp","href":"https:\/\/api.w.org\/{rel}","templated":true}]}}