{"id":4113,"date":"2025-09-04T16:42:53","date_gmt":"2025-09-04T16:42:53","guid":{"rendered":"https:\/\/feguars.es\/?page_id=4113"},"modified":"2025-09-04T16:42:53","modified_gmt":"2025-09-04T16:42:53","slug":"la-saeta","status":"publish","type":"page","link":"https:\/\/feguars.es\/?page_id=4113","title":{"rendered":"La saeta"},"content":{"rendered":"<p><a href=\"http:\/\/feguars.es\/wp-content\/uploads\/2025\/09\/La-Saeta-60-x-91-Cm.jpg\" data-gallery><img loading=\"lazy\" decoding=\"async\" class=\"aligncenter wp-image-4114 size-large\" src=\"http:\/\/feguars.es\/wp-content\/uploads\/2025\/09\/La-Saeta-60-x-91-Cm-1024x660.jpg\" alt=\"\" width=\"1024\" height=\"660\" srcset=\"https:\/\/feguars.es\/wp-content\/uploads\/2025\/09\/La-Saeta-60-x-91-Cm-1024x660.jpg 1024w, https:\/\/feguars.es\/wp-content\/uploads\/2025\/09\/La-Saeta-60-x-91-Cm-300x193.jpg 300w, https:\/\/feguars.es\/wp-content\/uploads\/2025\/09\/La-Saeta-60-x-91-Cm-768x495.jpg 768w, https:\/\/feguars.es\/wp-content\/uploads\/2025\/09\/La-Saeta-60-x-91-Cm.jpg 1490w\" sizes=\"auto, (max-width: 1024px) 100vw, 1024px\" \/><\/a><\/p>\n<p>&nbsp;<\/p>\n<table width=\"94%\">\n<tbody>\n<tr>\n<td width=\"24%\"><strong>T\u00edtulo<\/strong><\/td>\n<td>La saeta<\/td>\n<\/tr>\n<tr>\n<td width=\"24%\"><strong>Medidas<\/strong><\/td>\n<td>60 x 92 cm<\/td>\n<\/tr>\n<tr>\n<td width=\"24%\"><strong>T\u00e9cnica<\/strong><\/td>\n<td>\u00d3leo sobre lienzo.<\/td>\n<\/tr>\n<tr>\n<td colspan=\"2\"><strong>Letra: Antonio Machado. M\u00fasica: Joan Manuel Serrat<\/strong><\/td>\n<\/tr>\n<\/tbody>\n<\/table>\n<p>Dijo una voz popular:<br \/>\n\u00ab\u00bfQui\u00e9n me presta una escalera para subir al madero<br \/>\nPara quitarle los clavos a Jes\u00fas, el Nazareno?\u00bb<\/p>\n<p>Oh, la saeta al cantar<br \/>\nAl Cristo de los gitanos<br \/>\nSiempre con sangre en las manos<br \/>\nSiempre por desenclavar<\/p>\n<p>Cantar del pueblo andaluz<br \/>\nQue todas las primaveras<br \/>\nAnda pidiendo escaleras<br \/>\nPara subir a la cruz<\/p>\n<p>Cantar de la tierra m\u00eda<br \/>\nQue echa flores<br \/>\nAl Jes\u00fas de la agon\u00eda<br \/>\nY es la fe de mis mayores<\/p>\n<p>Oh, no eres t\u00fa mi cantar<br \/>\nNo puedo cantar, ni quiero<br \/>\nA este Jes\u00fas del madero<br \/>\nSino al que anduvo en la mar<\/p>\n<p>Oh, no eres t\u00fa mi cantar<br \/>\nNo puedo cantar, ni quiero<br \/>\nA ese Jes\u00fas del madero<br \/>\nSino al que anduvo en la mar<\/p>\n<p>Oh, no eres t\u00fa mi cantar<br \/>\nNo puedo cantar, ni quiero<br \/>\nA ese Jes\u00fas del madero<br \/>\nSino al que anduvo en la mar<\/p>\n<p>Oh, no eres t\u00fa mi cantar<\/p>\n<p>&nbsp;<\/p>\n<p>&nbsp;<\/p>\n","protected":false},"excerpt":{"rendered":"<p>&nbsp; T\u00edtulo La saeta Medidas 60 x 92 cm T\u00e9cnica \u00d3leo sobre lienzo. Letra: Antonio Machado. M\u00fasica: Joan Manuel Serrat Dijo una voz popular: \u00ab\u00bfQui\u00e9n me presta una escalera para subir al madero Para quitarle los clavos a Jes\u00fas, el <span class=\"excerpt-dots\">&hellip;<\/span> <a class=\"more-link\" href=\"https:\/\/feguars.es\/?page_id=4113\"><span class=\"more-msg\">Sigue leyendo &rarr;<\/span><\/a><\/p>\n","protected":false},"author":1,"featured_media":4114,"parent":174,"menu_order":0,"comment_status":"closed","ping_status":"closed","template":"","meta":{"footnotes":""},"class_list":["post-4113","page","type-page","status-publish","has-post-thumbnail","hentry"],"_links":{"self":[{"href":"https:\/\/feguars.es\/index.php?rest_route=\/wp\/v2\/pages\/4113","targetHints":{"allow":["GET"]}}],"collection":[{"href":"https:\/\/feguars.es\/index.php?rest_route=\/wp\/v2\/pages"}],"about":[{"href":"https:\/\/feguars.es\/index.php?rest_route=\/wp\/v2\/types\/page"}],"author":[{"embeddable":true,"href":"https:\/\/feguars.es\/index.php?rest_route=\/wp\/v2\/users\/1"}],"replies":[{"embeddable":true,"href":"https:\/\/feguars.es\/index.php?rest_route=%2Fwp%2Fv2%2Fcomments&post=4113"}],"version-history":[{"count":1,"href":"https:\/\/feguars.es\/index.php?rest_route=\/wp\/v2\/pages\/4113\/revisions"}],"predecessor-version":[{"id":4118,"href":"https:\/\/feguars.es\/index.php?rest_route=\/wp\/v2\/pages\/4113\/revisions\/4118"}],"up":[{"embeddable":true,"href":"https:\/\/feguars.es\/index.php?rest_route=\/wp\/v2\/pages\/174"}],"wp:featuredmedia":[{"embeddable":true,"href":"https:\/\/feguars.es\/index.php?rest_route=\/wp\/v2\/media\/4114"}],"wp:attachment":[{"href":"https:\/\/feguars.es\/index.php?rest_route=%2Fwp%2Fv2%2Fmedia&parent=4113"}],"curies":[{"name":"wp","href":"https:\/\/api.w.org\/{rel}","templated":true}]}}