{"id":47,"date":"2015-04-24T11:09:11","date_gmt":"2015-04-24T11:09:11","guid":{"rendered":"http:\/\/feguars.es\/?page_id=47"},"modified":"2025-09-02T16:43:17","modified_gmt":"2025-09-02T16:43:17","slug":"exposiciones-colectivas","status":"publish","type":"page","link":"https:\/\/feguars.es\/?page_id=47","title":{"rendered":"Exposiciones Colectivas"},"content":{"rendered":"<p>&nbsp;<\/p>\n<table>\n<tbody>\n<tr>\n<td width=\"105\"><strong>1980<\/strong><\/td>\n<td width=\"100%\">Sala Gasca. Caspe. Zaragoza<\/td>\n<\/tr>\n<tr>\n<td width=\"105\"><strong>1981<\/strong><\/td>\n<td width=\"100%\">Sal\u00f3n de actos del Ayuntamiento. Caspe. Z.Pabell\u00f3n Municipal. Caspe.<\/td>\n<\/tr>\n<tr>\n<td width=\"105\"><strong>1982-1984<\/strong><\/td>\n<td width=\"100%\">Sala Gasca. Caspe.<\/td>\n<\/tr>\n<tr>\n<td width=\"105\"><strong>1985<\/strong><\/td>\n<td width=\"100%\">Casa Palacio Barber\u00e1n. Caspe.<br \/>\nPabell\u00f3n Feria de Muetras. Zaragoza.<\/td>\n<\/tr>\n<tr>\n<td width=\"105\"><strong>1987-1988<\/strong><\/td>\n<td width=\"100%\">Casa Palacio Barber\u00e1n. Caspe.<\/td>\n<\/tr>\n<tr>\n<td width=\"105\"><strong>1997<\/strong><\/td>\n<td width=\"100%\">VI Certamen Nacional de Pintura \u201cVilla de Roda\u201d en el Centro<br \/>\nCultural San Sebasti\u00e1n de La Roda (Albacete).XXV Certamen Internacional de Pintura \u201cCiudad de Martos\u201d.<br \/>\nSala de exposiciones de la Casa Municipal de Cultura y Juventud de Martos (Ja\u00e9n).<br \/>\nXIV Certamen Nacional de Pintura \u201cConcello de Cambre\u201d en la<br \/>\nSala de Exposiciones de la Biblioteca Municipal de Cambre. (A Coru\u00f1a).1\u00aa Arroclada de Pintura \u201cLuz de Monegros\u201d Tardienta-Sari\u00f1ena (Huesca).<\/td>\n<\/tr>\n<tr>\n<td width=\"105\"><strong>1998<\/strong><\/td>\n<td width=\"100%\">XXII Certamen Nacional de Pintura \u201c XLII Fiesta del Olivo\u201d, convocado por el Ilmo. Ayuntamiento de Mora .(Toledo).XXVI Certamen Internacional de Pintura \u201cCiudad Martos\u201d.<br \/>\nSala de exposiciones de la Casa Municipal de Cultura y Juventud de Martos, ( Ja\u00e9n) .III Certamen Internacional de Artes Pl\u00e1sticas ACEA\u2019S. Barcelona.Exposici\u00f3n en la Sala Cultural \u201cJoan Maragall\u201d, L\u2019Escorxador,<br \/>\nSitges (Barcelona).I Certamen de pintura deportiva Fundaci\u00f3n Zerumuga en la<br \/>\nsala Espais d\u2019art de ACEA\u2019S, Barcelona.<\/td>\n<\/tr>\n<tr>\n<td width=\"105\"><strong>1999<\/strong><\/td>\n<td width=\"100%\">IV Sal\u00f3n Internacional de Artes Pl\u00e1sticas ACEA\u2019S. Barcelona.I Edici\u00f3n Internacional del Premio de Pintura Ciudad de Zaragoza ZARTE.<\/td>\n<\/tr>\n<tr>\n<td width=\"105\"><strong>2000<\/strong><\/td>\n<td width=\"100%\">Exposici\u00f3n de la Asociaci\u00f3n Art\u00edstica para la Promoci\u00f3n de las Bellas Artes<br \/>\nen Catalu\u00f1a(ASSART) en el Colegio Oficial de M\u00e9dicos de Barcelona.IV Trofeo Remo-Brindisi.Premio Internacional de Pintura y Escultura. Europ Art Group.Castelle Estense Mesola (Ferrara-Italia).II Edici\u00f3n Internacional del Premio de Pintura Ciudad de Zaragoza ZARTE.Exposici\u00f3n en la Sala Cultural \u201cJoan Maragall\u201d, L\u2019Escorxador, Sitges (Barcelona).<br \/>\nExposici\u00f3n en la sala CONEX SERVEI, c\/ Casanova, 36 Barcelona.<br \/>\nExposici\u00f3n en Sa Casa de Menorca, c\/ Diputaci\u00f3n, 215, Barcelona.<br \/>\nExposici\u00f3n en el Casal de Sarri\u00e1, c\/ Eduard Conde, 32, Barcelona.<\/td>\n<\/tr>\n<tr>\n<td width=\"105\"><strong>2001<\/strong><\/td>\n<td width=\"100%\">II Sal\u00f3n de Invierno de la Galer\u00eda ESART, c\/ Diputaci\u00f3n, 188 de Barcelona.III Edici\u00f3n Internacional del Premio de Pintura Ciudad de Zaragoza ZARTE.<\/td>\n<\/tr>\n<tr>\n<td width=\"105\"><strong>2002<\/strong><\/td>\n<td width=\"100%\">Exposici\u00f3n \u201cGran coleccionable 2002\u201d. Galer\u00eda Catarsis. C\/ Sta. Mar\u00eda, 15. Madrid.<br \/>\nExposici\u00f3n en \u201cSPAI BM, Galer\u00eda d\u2019art\u201d, Carrer Nou, 19. Granollers (Barcelona).<br \/>\nIII Sal\u00f3n de invierno de la Galer\u00eda ESART. C\/ Diputaci\u00f3n, 188 de Barcelona.<br \/>\nExposici\u00f3n en la Galer\u00eda ANDROX, V\u00eda Norte, 22 (Galer\u00edas). Vigo (Pontevedra).<br \/>\nExposici\u00f3n en la Galer\u00eda BEN\u00c1RAB, C\/ Ben\u00e1rab, 3. Castell\u00f3n.<br \/>\nExposici\u00f3n en la Galer\u00eda \u00d3LEOS . C\/ C\u00f3rcega, 224. Barcelona.<br \/>\nExposici\u00f3n en la Galer\u00eda L\u2019Atelier c\/ Vial St. Jordi, 174-176. Olot (Gerona).<br \/>\nExposici\u00f3n I Premio de pintura de la Delegaci\u00f3n del Gobierno de Arag\u00f3n. Museo Cam\u00f3n Aznar,<br \/>\nIbercaja. C\/ Espoz y Mina, 23 Zaragoza.<\/td>\n<\/tr>\n<tr>\n<td width=\"105\"><strong>2003<\/strong><\/td>\n<td width=\"100%\">Exposici\u00f3n \u201cGran Coleccionable 2003\u201d Galer\u00eda Catarsis. C\/ Sta. Mar\u00eda, 15 Madrid.<br \/>\nExposici\u00f3n en la Sala del Centro Cultural de Huesca. C\/ Mart\u00ednez de Velasco, 2. Huesca.<br \/>\nExposici\u00f3n en la Sala de Exposiciones del Ayuntamiento de Alca\u00f1iz (Teruel)<br \/>\nExposici\u00f3n en San Lorenzo del Flumen (Huesca)<br \/>\nExposici\u00f3n en Torre Vella, Salou (Tarragona)<br \/>\nExposici\u00f3n en Castej\u00f3n de Monegros (Huesca)<\/td>\n<\/tr>\n<tr>\n<td width=\"105\"><strong>2004<\/strong><\/td>\n<td width=\"100%\">Exposici\u00f3n \u201cGran Coleccionable 2004\u201d, Galer\u00eda Catarsis. C\/Sta. Mar\u00eda,15.Madrid.<br \/>\nExposici\u00f3n en Lanaja (Huesca)<br \/>\nV Sal\u00f3n de Invierno de la Galer\u00eda Esart.c\/.Diputaci\u00f3n, 188. Barcelona.<br \/>\nExposici\u00f3n en Gra\u00f1\u00e9n (Huesca).<br \/>\nExposici\u00f3n en el Colegio Oficial de M\u00e9dicos. Barcelona.<br \/>\nExposici\u00f3n en la Galer\u00eda Alba. Corso Porta Po 82\/A. Ferrara. Italia.<br \/>\nExposici\u00f3n en el Sal\u00f3n del Ayuntamiento de Bujaraloz c\/ Mayor 1-3 Bujaraloz (Zaragoza)<br \/>\nExposici\u00f3n en la Galer\u00eda Artec. C\/ Pompeu i Fabra, 29. Castelldefels. Barcelona<br \/>\nExposici\u00f3n en el Sal\u00f3n Polivalente. Castej\u00f3n de Monegros (Huesca)<\/td>\n<\/tr>\n<tr>\n<td width=\"105\"><strong>2005<\/strong><\/td>\n<td width=\"100%\">Exposici\u00f3n \u201cGran Coleccionable\u201d Galer\u00eda Catarsis. C\/ Sta. Mar\u00eda, 15. Madrid<br \/>\nExposici\u00f3n en Sari\u00f1ena. Avda. de Huesca, 24. Sari\u00f1ena (Huesca)<br \/>\nVI Sal\u00f3n de Invierno de la Galer\u00eda Esart. C\/Diputaci\u00f3n, 188. Barcelona<br \/>\nExposici\u00f3n en el Centro de d\u00eda de Lalueza (Huesca)<br \/>\nExposici\u00f3n ART HOWARD 2005. Galer\u00eda Alba. V\u00eda Borgo Punta, 187. Ferrara (Italia).<br \/>\nParticipaci\u00f3n en \u201cLa noche de las miradas\u201d de Esteparia. Comarca de los Monegrops y exposici\u00f3n en Sari\u00f1ena (Huesca).<br \/>\nExposici\u00f3n en el Colegio de M\u00e9dicos de Barcelona.<br \/>\nXXII Certamen Nacional de Pintura \u201cConcello de Cambre\u201d en la Sala de Exposiciones de la Biblioteca Municipal Central de Cambre (La Coru\u00f1a).<br \/>\nExposici\u00f3n en la Galer\u00eda Cebriart. C\/ Liuva, 34 Bjos. Barcelona.<\/td>\n<\/tr>\n<tr>\n<td width=\"105\"><strong>2006<\/strong><\/td>\n<td width=\"100%\">Exposici\u00f3n \u201cGran coleccionable\u201d Galer\u00eda Catarsis. C\/Sta. Mar\u00eda, 15. Madrid.<br \/>\nVII Sal\u00f3n de Invierno de la Galer\u00eda Esart. C\/Diputaci\u00f3n, 188. Barcelona<br \/>\nExposici\u00f3n en la Sala Conex c\/ Casanova, 36. Barcelona.<br \/>\nExposici\u00f3n en el Centro Cultural Federico Garc\u00eda Lorca C\/ Conflent,82 Bis. El Vendrell (Tarragona).<br \/>\nExposici\u00f3n Gran Premio \u201cCitt\u00e0 di Grosetto\u201d. Academia Italiana \u201cGli Etruschi\u201d. Italia<br \/>\nExposici\u00f3n Gran Prix Internazionale G\u00e9nova Arte 2006 Accademia Araldica \u201cIl Marzocco\u201d di Firenze. Italia<\/td>\n<\/tr>\n<tr>\n<td width=\"105\"><strong>2007<\/strong><\/td>\n<td width=\"100%\">Exposici\u00f3n \u201cGran Coleccionable\u201d Galer\u00eda Catarsis. C\/ Sta. Mar\u00eda, 15. Madrid.<br \/>\nVIII Sal\u00f3n de Invierno de la Galer\u00eda Esart. C\/Diputaci\u00f3n, 188. Barcelona.<br \/>\nExposici\u00f3n Sala Cultural Pera Pruna del 25 de junio al 10 de julio. Barcelona.<br \/>\nExposici\u00f3n Jadite Galleries. 413 West 50 Th. Street. New York. U.S.A.<br \/>\nExposici\u00f3n Hibiscus Galer\u00eda de arte. Rua Almeida e Sousa 12 A. Lisboa. Portugal.<br \/>\nExposici\u00f3n Galler\u00eda d\u2019Arte Moderna \u201cAlba\u201d. V\u00eda Borgo Punta, 187. Ferrara. Italia.<br \/>\nExposici\u00f3n Colecci\u00f3n de Arte Albiac. Pol\u00edgono de los Arcos. Caspe. Zaragoza<br \/>\nExposici\u00f3n \u201cD\u2019Art-Vez\u201d. Arcos de Valdevez. Portugal.<br \/>\nExposici\u00f3n \u201cRenten Art Exhibition\u201d Metropolitan Museum de Tokio. Jap\u00f3n. Exposici\u00f3n Metropolitan Museum de Tokio <span class=\"su-lightbox\" data-mfp-src=\"http:\/\/feguars.es\/ex-tokio.html \" data-mfp-type=\"iframe\" data-mobile=\"yes\">[\u00b7\u00b7\u00b7]<\/span>\nExposici\u00f3n en el Sal\u00f3n del Ayuntamiento de Gaillac. Francia.<br \/>\nExposici\u00f3n Gallerie Art Fer Pur. Rue Commines,7. Par\u00eds. Francia<br \/>\nExposici\u00f3n \u201cSeiko Art Exhibition\u201d Metropolitan Museum de Tokio. Jap\u00f3n.<\/td>\n<\/tr>\n<tr>\n<td width=\"105\"><strong>2008<\/strong><\/td>\n<td width=\"100%\">Exposici\u00f3n \u201cGran Coleccionable\u201d Galer\u00eda Catarsis. C\/ Sta. Mar\u00eda, 15. Madrid.<br \/>\nExposici\u00f3n Atellier de Arte P\u00e9rez-Belfer. Punta del Este. Uruguay<br \/>\nExposici\u00f3n 30 Aniversario ARTEXPO NEW YORK 2008. Florida Sysproductions Gallery. Miami, Florida.<br \/>\nExposici\u00f3n Colecci\u00f3n de Arte Albiac. Herbario de las Saladas de Chiprana. Zaragoza<br \/>\nExposici\u00f3n 1\u00aa Edici\u00f3n de Pintura Muestra Museo Diocesano. Academia Internazionale \u201cCitt\u00e1 di Roma\u201d<br \/>\nExposici\u00f3n Grand Prix Internacional \u201cIl Perugino\u201d. Academia Internazionale \u201cIl Marocco\u201d Firenze. Italia.<br \/>\nExposici\u00f3n Colecci\u00f3n de Arte Albiac. Casa de Cultura. Maella . Zaragoza<br \/>\nExposici\u00f3n en el Museo de Hyogo-Kobe. En Kobe (Jap\u00f3n)<br \/>\nExposici\u00f3n en el Sun Yat-Sen Nacional Memorial Hall .En Taipei (Taiwan)<br \/>\nExposici\u00f3n 1\u00aa Feria de la M\u00fasica y la Cultra Aragonesa. Mazale\u00f3n. Teruel.<br \/>\nExposici\u00f3n de la 1\u00aa Edici\u00f3n de la Mostra Museo Diocesano. Palazzo Vescovile San Clemente I. Velletri. Roma.<br \/>\nExposici\u00f3n en la Galer\u00eda \u00d3leos. C\/ C\u00f3rcega, 224 Barcelona.<br \/>\nExposici\u00f3n itinerante del XIII Certamen Nacional de Pintura \u201cFundaci\u00f3n Cruzcampo- Ciudad de Calahorra\u201d: Calahorra, Haro, Logro\u00f1o, San Sebasti\u00e1n y Sevilla.<br \/>\nExposici\u00f3n \u201cJumelage Europeen Caveau de l\u2019Abbaye\u201d . Gaillac. Francia<br \/>\nExposici\u00f3n de la Asociaci\u00f3n Goyarte en la Sala Aires de C\u00f3rdoba.<br \/>\nExposici\u00f3n Muestra Europea \u201cMeeting Art\u00edstico a Roma, Sopritendenza Beni Artistici e Storici, S.S. XII Apostoli\u201d Roma. Italia<\/td>\n<\/tr>\n<tr>\n<td width=\"105\"><strong>2009<\/strong><\/td>\n<td width=\"100%\">Exposici\u00f3n \u201cGran Coleccionable\u201d Galer\u00eda Catarsis. C\/ Sta. Mar\u00eda, 15. Madrid.<br \/>\nExposici\u00f3n en el X Sal\u00f3n de Invierno de la Galer\u00eda Esart. C\/Diputaci\u00f3n, 188. Barcelona.<br \/>\nExposici\u00f3n ART EXPO NEW YORK 2009. Florida Sysproductions Gallery. Miami, Florida. U.S.A.<br \/>\nExposici\u00f3n \u201c Kunst und Wein \u201c Spanische Quelle G mb H Markgrafenstr.68. Berl\u00edn. Alemania<br \/>\nExposici\u00f3n Artistas de la comarca del Bajo Arag\u00f3n-Caspe. Caspe (Zaragoza)<br \/>\nExposici\u00f3n \u201cMostra a Bari\u201d, Galleria Der Garten. Viale Antonio Salandra 14, Bari. Italia<br \/>\nExposici\u00f3n \u201cSemana de Espa\u00f1a\u201d en la Galer\u00eda Exklusiv Einrich Tungen. Shwedt.-Oder. Alemania<br \/>\nExposici\u00f3n Colecci\u00f3n de Arte Albiac. Asociaci\u00f3n Cultural y Recreativa Rueda. Escatr\u00f3n. Zaragoza<br \/>\nExposici\u00f3n en Camden Art Gallery London. 61,Chalk Farm Road.NWI. 8AN.London. U.K. <span class=\"su-lightbox\" data-mfp-src=\"http:\/\/feguars.es\/ex-londres.html \" data-mfp-type=\"iframe\" data-mobile=\"yes\">[\u00b7\u00b7\u00b7]<\/span>\nExposici\u00f3n \u201cEquilibrio\u201d de la Escuela Taller Ciudad de Caspe. Claustro de Sto. Domingo. Caspe (Zgz)<br \/>\nExposici\u00f3n \u201cColor y calor Mediterr\u00e1neo en el C\u00edrculo Polar \u00c1rtico\u201d. Kiruna. Suecia<br \/>\nExposici\u00f3n Showart Museo Roca. Vicente L\u00f3pez 2220 &#8211; Ciudad de Buenos Aires &#8211; Argentina.<br \/>\nExposici\u00f3n \u201cFort Lauderdale Multicultural Art Institute\u201d 1040 W. prospect Rd. Oakland Park. Miami &#8211; Florida 33309 &#8211; USA.<br \/>\nExposici\u00f3n en la feria de arte \u201cArt Ireland 2009 \u201c Main Hall, RDS. Ballsbridge, Dubl\u00edn y Hall 1 stand F5 Irlanda.<br \/>\nExposici\u00f3n \u201cArte vs. Muros\u201d (\u201cKunst gegen Mauers\u201d) Gloria events, Markgrajenstrasse,67- 10969 Berl\u00edn Alemania<br \/>\nExposici\u00f3n \u201cEdinburg Art Fair 2009\u201d The Edinburg Art Fair Ltd. 77, Poplar Park. Por Seton EH 32 OTE Edinburg U.K<\/td>\n<\/tr>\n<tr>\n<td width=\"105\"><strong>2010<\/strong><\/td>\n<td width=\"100%\">Exposici\u00f3n en el XI Sal\u00f3n de Invierno de la Galer\u00eda Esat, C\/ Diputaci\u00f3n, 188. Barcelona.<br \/>\nExposici\u00f3n Porto 2010 Galer\u00eda Atelier Geraldes Da Silva. Rua Sto. Idefonso 225-229 Oporto Portugal<br \/>\nExposici\u00f3n \u201cGran Coleccionable\u201d Galer\u00eda Catarsis. C\/ Sta. Mar\u00eda, 15. Madrid.<br \/>\nExposici\u00f3n Mostra a Bari. Galleria Der Garten. Viale Antonio Salandra, 14 Bari. Italia.<br \/>\nExposici\u00f3n Colecci\u00f3n de Arte Albiac. Sala Miguel Ibarz, Ayuntamiento de Mequinenza. (Zaragoza)<br \/>\nExposici\u00f3n Galer\u00eda de Arte Paz Feliz. Villanueva, 28. Madrid.<br \/>\nExposici\u00f3n Salon Internationaldes Arts Contemporains Autoword Museum Para du Jubil\u00e9e. Bruxelles.<br \/>\nExposici\u00f3n Museo Participativo Minero MUMIN. Avda. Diagonal Sur Julio A. Roca 651-PB Ciudad Aut\u00f3noma de Buenos Aires- Argentina.<br \/>\nExposici\u00f3n F\u00c1RG OCH V\u00c1RME FR\u00c1N MEDELHAVET G\u00c1LLIVARE.Museum Lapland- Sweden.<br \/>\nExposici\u00f3n Hyogo Prefectural Museum Of Art \u2013 Kobe. Jap\u00f3n.<br \/>\nExposici\u00f3n Sala d\u2019Exposicion de L\u2019Elx Comercial Raval. Carrer Nou de la Rambla, 14-baixos- Barcelona.<\/td>\n<\/tr>\n<tr>\n<td><strong>2011<\/strong><\/td>\n<td>Exposici\u00f3n en el XII Sal\u00f3n de Invierno de la Galer\u00eda Esart, C\/ Diputaci\u00f3n, 188. Barcelona.<br \/>\nExposici\u00f3n Galerie du Gildo Pastor Center, 7 rue du Gabian\/ M\u00f3naco.<br \/>\nExposici\u00f3n I Certamen de Pintura ARTEVIDA, Galer\u00eda EME 04,C\/ Fern\u00e1ndez de la Hoz,20 Madrid.<br \/>\nExposici\u00f3n Galeria Giovanna M. Vanni Arte contempor\u00e1neo Piaza del Mercato, 4 CampigliaM. Ma-li 0565 TOSCANA<br \/>\nExposici\u00f3n CH\u00c2TEAU DE FRE\u00ddR, Domaine de FREYR ASBL, B5540 HASTIERE, BELGIQUE.<br \/>\nExposici\u00f3n MEDVERKANDE KONSTN\u00c4RER. \u201cF\u00c4RG OCH VARME FR\u00c4N MEDELHAVET III\u201d Folkesthus Hakkas &#8211; LAPPAND. SVERIGE.<br \/>\nExposici\u00f3n Colecci\u00f3n de Arte Albiac. Sala de Exposiciones Casa Palacio Piazuelo Barber\u00e1n Caspe Zgz.<br \/>\nExposici\u00f3n Gran Prix International \u201cIl Parmigianino\u201d Accademia Gentilizia \u201cIl Marzocco\u201d. Firenze. Italia. Exposici\u00f3n Palacio Villa Barile. Catalnissetta. Sicilia. Italia. Exposici\u00f3n en el International Art Exchange Exhibition. Museum Hyogo Kobe. Jap\u00f3n<br \/>\nExposici\u00f3n del Grupo Arte 2010 Nuevo Milenio en la Galer\u00eda de Arte Paz Feliz de Madrid.<\/td>\n<\/tr>\n<tr>\n<td><strong>2012<\/strong><\/td>\n<td>Exposici\u00f3n en el XIII Sal\u00f3n de Invierno de la Galer\u00eda Esart, C\/ Diputaci\u00f3n, 188. Barcelona. Exposici\u00f3n \u201cArte 2012\u201d en la Sala de\u2019Exposici\u00f3ns de L\u2019Eix Comercial Raval. Carrer Nou de la Rambla, baixos.Barcelona. Exposici\u00f3n Hyogo Prefectural Museum of Art \u2013 Kobe. Jap\u00f3n Exposici\u00f3n Jadite Galleries 413 West 50 Th. Stred. New York. U.S.A. Exposici\u00f3n en la Galer\u00eda Goyart, C\/ Marqu\u00e9s de Toca (esquina con Santa Isabel). Madrid Exposici\u00f3n \u201cSal\u00f3n de verano\u201d en BCM Art Gallery, C\/Bail\u00e9n, 134. Barcelona. Exposici\u00f3n \u201cOLIKA SYNPUNKTER\u00bb en el Museo Edsviks de Sollentuna. Estocolmo. Exposici\u00f3n itinerante \u201cArte para un Compromiso\u201d en Caspe Casa Piazuelo Barber\u00e1n (Plaza de Espa\u00f1a). En Alca\u00f1\u00edz Sala Municipal de Exposiciones (Glorieta de Valencia s\/n).<br \/>\nEn Huesca Centro Cultural Matadero Sala 2 (Avda. Mart\u00ednez de Velasco, 6 Pta. Calle).<br \/>\nEn Zaragoza 4\u00ba Espacio Cultural D.P.Z. (Pza. Espa\u00f1a, 2).<br \/>\nExposici\u00f3n \u201dArtistas Emergentes\u201d en la Sala de\u2019Exposici\u00f3ns de L\u2019Eix Comercial Raval. Carrer Nou de la Rambla, baixos. Barcelona.<br \/>\nExposici\u00f3n 32 Edici\u00f3n EXPOCASPE 2012 Caspe (Zaragoza)<br \/>\nExposici\u00f3n I Sal\u00f3n de Oto\u00f1o en la Galer\u00eda EMMA C\/ Santa Isabel n\u00ba 47 Madrid.<\/td>\n<\/tr>\n<tr>\n<td><strong>2013<\/strong><\/td>\n<td>Exposici\u00f3n 14 Sal\u00f3n de Invierno en la sala L\u00b4Eix Comercial Raval C\/ Nou de la Rambla 14, Barcelona. Exposici\u00f3n en Akashi City Museum. Akashi. Jap\u00f3n Exposici\u00f3n \u201cSpringtime II\u201d en BCM Art Gallery C\/ Bail\u00e9n N\u00ba 134 Barcelona. Exposici\u00f3n en el Colegio Oficial de M\u00e9dicos de Bacelona. Paseo de la Bona Nova, 47 Barcelona. Exposici\u00f3n en la galer\u00eda CM Cristina Mar\u00edn C\/ Antonia Sancho N\u00ba 11 ( Plaza S.Miguel) Zaragoza. Exposici\u00f3n \u201cTreinta cuadros, diez pueblos, un sif\u00f3n\u201d. Sal\u00f3n de Actos Municipal de Bujaraloz. (Zaragoza)<\/td>\n<\/tr>\n<tr>\n<td><strong>2014<\/strong><\/td>\n<td>International exhibition by Spanish Contemporany Artists. Museum of the Americas 2500NW79 th AVE 104\/108 Doral Florida 33122 USA Exposici\u00f3n 15 Sal\u00f3n de Invierno en la sala L\u00b4Eix Comercial Raval C\/ Nou de la Rambla 14, Barcelona.<br \/>\nExposici\u00f3n visi\u00f3n in\u00e9dita y modernidad sobre la obra de El Greco en el Circulo de Arte de Toledo. Exposici\u00f3n\u201c60 Aniversario del CECBA\u201d. Casa- Palacio Piazuelo Barber\u00e1n. Caspe (Zaragoza) Exposici\u00f3n \u201cGrecontempor\u00e1neo\u201d en el Archivo Hist\u00f3rico Provincial de Toledo. Exposici\u00f3n \u201cGrecontempor\u00e1neo\u201d en el Museo Municipal de Valdepe\u00f1as. Valdepe\u00f1as (Ciudad Real).<\/td>\n<\/tr>\n<tr>\n<td><strong>2015<\/strong><\/td>\n<td>Exposici\u00f3n XVI Sal\u00f3n de Invierno en la sala L\u2019Eix Comercial Raval C\/ Nou de la Rambla 14, Barcelona. Exposici\u00f3n \u201cGrecontempor\u00e1neo\u201d, Centro Municipal Miguel de Cervantes. El Toboso (Toledo).<br \/>\nExposici\u00f3n \u201cMudanza\u201d Fundaci\u00f3n CAI, Centro Joaqu\u00edn Roncal C\/ San Braulio, 5-7 Zaragoza.<br \/>\nExposici\u00f3n \u201cGrecontempor\u00e1neo\u201d en el Centro Cultural de Puertollano (Ciudad Real).<br \/>\nExposici\u00f3n \u201cGrecontempor\u00e1neo\u201d en la Sala de Exposiciones del Museo Municipal El P\u00f3sito. Ciudad Real.<br \/>\nExposici\u00f3n \u201cGrecontempor\u00e1neo\u201d en el Centro de Arte Carmen Arias. Socu\u00e9llamos(Ciudad Real).<br \/>\nExposici\u00f3n \u201cGrecontempor\u00e1neo en el Museo del Mercado. Villanueva de los infantes (Ciudad Real). Exposici\u00f3n \u201cArt exibiti\u00f3n by spanish artists\u201d Gallery Bellman. Estocolmo. Exposici\u00f3n \u201c82 Sal\u00f3n de Oto\u00f1o de la AEPE en la Casa de las Vacas del Parque del Buen Retiro. Madrid.<br \/>\nExposici\u00f3n \u201cVanguardia-Vaguada\u201d de la AEPE en La Sala de Exposiciones del Centro Cultural La Vaguada.Madrid.<\/td>\n<\/tr>\n<tr>\n<td><strong>2016<\/strong><\/td>\n<td>Exposici\u00f3n XVII Sal\u00f3n de Invierno en la sala L\u2019Eix Comercial Raval C\/ Nou de la Rambla 14, Barcelona.<br \/>\nExposici\u00f3n International Collective Dallas 2016 Janette Kennedy Gallery &#8211; South Side on Lamar 1409<br \/>\nS. Lamar St. Dallas, Tx 75215<br \/>\nExposici\u00f3n Galer\u00eda Geraldes da Silva Rua en St\u00ba Ildefonso 225\/229 4000-470 Oporto. Portugal.<br \/>\nExposici\u00f3n en el Colegio Oficial de M\u00e9dicos de Barcelona. Paseo de la Bona Nova, 47 Barcelona.<br \/>\nExposici\u00f3n Sal\u00f3n de Primavera en la sala L\u2019Eix Comercial Raval C\/ Nou de la Rambla 14, Barcelona.<br \/>\nExposici\u00f3n Especial Bulgaria NEDEV Art Gallery Stara Zagora (Bulgaria).<br \/>\nExposici\u00f3n 83 Sal\u00f3n de Oto\u00f1o de la Asociaci\u00f3n Espa\u00f1ola de Pintores y Escultores en la Casa de Vacas enEl Parque del Buen Retiro. Madrid.<\/td>\n<\/tr>\n<tr>\n<td><strong>2017<\/strong><\/td>\n<td>Exposici\u00f3n D\u2019Hivern en la sala L\u2019Eix Comercial Raval C\/ Nou de la Rambla 14, Barcelona.<br \/>\nExposici\u00f3n WTC Art Place Interpred Gallery. Bulgaria\/ Sof\u00eda.<br \/>\nExposici\u00f3n \u201cSinfon\u00eda de Sifones\u201d Sala de Exposiciones de Alca\u00f1iz. Teruel.<\/td>\n<\/tr>\n<tr>\n<td><strong>2018<\/strong><\/td>\n<td>Exposici\u00f3n \u201cOCEAN OF HEARTS\u201d en La Nacional 239 w14 th st, Nueva York.<br \/>\nExposici\u00f3n XX Sal\u00f3n de Invierno en la sala L\u2019Eix Comercial Raval C\/ Nou de la Rambla 14, Barcelona.<br \/>\nExposici\u00f3n International Collective Latino Art Museum Pomona, Los \u00c1ngeles. California.<br \/>\nExposici\u00f3n X Sal\u00f3n de Primavera Sala Pere Casald\u00e1liga C\/ Roger de Ll\u00faria 5, Barcelona.<br \/>\nExposici\u00f3n Art Exibiti\u00f3n \u201cMemory\u201d Galer\u00eda CC Montjuic Gran Vie de les Corts Catalanes 296. Barcelona.<br \/>\nExposici\u00f3n XI Sal\u00f3 Tardor a Barcelona Sala Pere Casald\u00e1liga C\/ Roger de Ll\u00faria 5, Barcelona.<br \/>\nExposici\u00f3n Collective Art Exhibiti\u00f3n \u201cDialogs\u201d Galer\u00eda CC Montjuic Barcelona.<br \/>\nExposici\u00f3n International Art Exchange at the Hyogo Prefectural Art Museum Kobe, Japan 2018.<br \/>\nExposici\u00f3n Colegio de M\u00e9dicos de Barcelona 2018 Pg. Bonanoba 47 Barcelona.<\/td>\n<\/tr>\n<tr>\n<td><strong>2019<\/strong><\/td>\n<td>Exposici\u00f3n Art Festival, Galer\u00eda Arteria BCN C\/ Bruc n\u00ba 147 Barcelona.<br \/>\nExposici\u00f3n Art Festival, Prado Goyart Gallery C\/ Felipe IV n\u00ba 5 Madrid.<br \/>\nExposici\u00f3n Mostra Internazionale d\u2019 Arte, Palazzo di Giandalia di Sicilia, V\u00eda Roma 49 Palermo Italia.\u00a0\u00a0\u00a0\u00a0\u00a0\u00a0\u00a0\u00a0\u00a0\u00a0\u00a0\u00a0\u00a0\u00a0\u00a0\u00a0\u00a0\u00a0\u00a0\u00a0\u00a0\u00a0\u00a0\u00a0\u00a0\u00a0\u00a0\u00a0\u00a0\u00a0\u00a0\u00a0\u00a0\u00a0\u00a0\u00a0\u00a0\u00a0\u00a0\u00a0\u00a0\u00a0\u00a0\u00a0\u00a0\u00a0\u00a0\u00a0\u00a0\u00a0\u00a0\u00a0\u00a0\u00a0\u00a0\u00a0\u00a0\u00a0\u00a0 \u00a0\u00a0\u00a0\u00a0\u00a0\u00a0\u00a0\u00a0\u00a0\u00a0\u00a0\u00a0\u00a0\u00a0\u00a0\u00a0\u00a0\u00a0\u00a0.<br \/>\nExposici\u00f3n Museum Gallerie Rosmolen-Universart Bovendorpstrat 21 Zeddan Holland.<br \/>\nExposici\u00f3n XXII Sal\u00f3n de Primavera en la sala L\u2019Eix Comercial Raval C\/ Nou de la Rambla 14, Barcelona.<br \/>\nExposici\u00f3n Galer\u00eda Crearium C\/ Bar\u00f3n de Eroles\u00a0 38 Monz\u00f3n (Huesca).<br \/>\nExposici\u00f3n Social de Junio en Prado Goyart Gallery C\/ Felipe IV n\u00ba5 Madrid.<br \/>\nExposici\u00f3n Semana Cultural en F\u00f3rnoles (Teruel).<\/td>\n<\/tr>\n<tr>\n<td><strong>2020<\/strong><\/td>\n<td>Exposici\u00f3n Colecci\u00f3n Art Room F 8 Centro de Archivo e Investigaci\u00f3n de Arte C\/Zamora 14 San Estebande Zapardiel Avila.<br \/>\nExposici\u00f3n Abartium Galer\u00eda. La Novissima Ctra. Folgueroles Km 4\u20195 Calldetenes (Barcelona)<br \/>\nExposici\u00f3n Arte contempor\u00e1neo. Circuit Artisitic y la Gal\u00e9ria Hotel Picasso. La Gola del Ter,<br \/>\nTorruella de Montgr\u00ed. Girona.<\/td>\n<\/tr>\n<tr>\n<td><strong>2021<\/strong><\/td>\n<td>Exposici\u00f3n HOUSE OF NATIONALITIES MOSCOW, Novaya Basmannaya Ulitso,4. Moscow.<br \/>\nExposici\u00f3n 41 Muestra Internacional de Arte Contempor\u00e1neo Diputaci\u00f3n de Barcelona<br \/>\nCastillo de Montesquiu \u2013La Caba\u00f1a Montesquiu Barcelona.<br \/>\nExposici\u00f3n en el Sal\u00f3n de Arte de la Biblioteca Zvenigorod No.1 ST.Pochtovaya, casa 16\/17 Moscu-Rusia.<br \/>\nExposici\u00f3n Internacional en el Museo \u00d3palo, Magdalena, Jalisco M\u00e9xico.<br \/>\nExposici\u00f3n En Espacio Ronda, Ronda de Segovia n\u00ba 50, 28005 Madrid<br \/>\nExposici\u00f3n ITACA especial Navidad, Crearium Bar\u00f3n de Eroles n\u00ba 38 M\u00f3nz\u00f3n (Huesca).<\/td>\n<\/tr>\n<tr>\n<td><strong>2022<\/strong><\/td>\n<td>Exposici\u00f3n en la Galer\u00eda II Laboratorio, V\u00eda del Moro 49\u00a0 00153 Roma R M\u00a0 Italia.<br \/>\nExposici\u00f3n Galer\u00eda Geraldes da Silva, Rua St\u00ba Ildefonso 225-220\u00a0\u00a0 4000-470 Porto Portugal.<br \/>\nExposici\u00f3n \u201cFebreiro en Galicia\u201d R\u00faa San Andr\u00e9s 28. 15003 A Coru\u00f1a.<br \/>\nExposici\u00f3n en la Galerie Artes en la Rue Fr\u00e9d\u00e9ric Saunton 11, m\u00e9tro Maubert Mutualit\u00e9 de Par\u00eds.<br \/>\nExposici\u00f3n SCUOLA GRANDE SAN TEODORO Campo S.Salvador 48010, 30124 Venecia Ve. Italia.<br \/>\nExposici\u00f3n Sala de Exposiciones Casa de Cultura, C\/ Horno 17\u00a0 18200 Maracena Granada.<br \/>\nExposici\u00f3n Arteria XIX Edici\u00f3n Feria de Arte Contempor\u00e1neo, junio 2022. Monz\u00f3n (Huesca).<br \/>\nExposici\u00f3n Castello di Populonia, Toscana Marittima. Italia.<br \/>\nExposici\u00f3n Solution Art. Gallery Hern\u00e1n Gamboa Miami 400 W Flagler St Coral Gables FL. 33134 EE.UU.<\/td>\n<\/tr>\n<tr>\n<td><strong>2023<\/strong><\/td>\n<td>Exposici\u00f3n trimestral \u201cLas Estaciones del Arte\u201d C.C San Clemente P\/ de Padilla, 2\u00a0 45002 Toledo.<\/td>\n<\/tr>\n<tr>\n<td><strong>2024<\/strong><\/td>\n<td>Exposici\u00f3n Galer\u00eda Atelier Geraldes de Silva. Ria S. Ildefonso 225\/229 Porto Potugal.<\/td>\n<\/tr>\n<tr>\n<td><strong>2025<\/strong><\/td>\n<td>Exposici\u00f3n ESPACIO CULTURA ABIERTO C\/ Doctor Velasco, 6. Retiro. 28014 Madrid.<\/td>\n<\/tr>\n<\/tbody>\n<\/table>\n<p>&nbsp;<\/p>\n","protected":false},"excerpt":{"rendered":"<p>&nbsp; 1980 Sala Gasca. Caspe. Zaragoza 1981 Sal\u00f3n de actos del Ayuntamiento. Caspe. Z.Pabell\u00f3n Municipal. Caspe. 1982-1984 Sala Gasca. Caspe. 1985 Casa Palacio Barber\u00e1n. Caspe. Pabell\u00f3n Feria de Muetras. Zaragoza. 1987-1988 Casa Palacio Barber\u00e1n. Caspe. 1997 VI Certamen Nacional de <span class=\"excerpt-dots\">&hellip;<\/span> <a class=\"more-link\" href=\"https:\/\/feguars.es\/?page_id=47\"><span class=\"more-msg\">Sigue leyendo &rarr;<\/span><\/a><\/p>\n","protected":false},"author":1,"featured_media":0,"parent":41,"menu_order":0,"comment_status":"closed","ping_status":"closed","template":"","meta":{"footnotes":""},"class_list":["post-47","page","type-page","status-publish","hentry"],"_links":{"self":[{"href":"https:\/\/feguars.es\/index.php?rest_route=\/wp\/v2\/pages\/47","targetHints":{"allow":["GET"]}}],"collection":[{"href":"https:\/\/feguars.es\/index.php?rest_route=\/wp\/v2\/pages"}],"about":[{"href":"https:\/\/feguars.es\/index.php?rest_route=\/wp\/v2\/types\/page"}],"author":[{"embeddable":true,"href":"https:\/\/feguars.es\/index.php?rest_route=\/wp\/v2\/users\/1"}],"replies":[{"embeddable":true,"href":"https:\/\/feguars.es\/index.php?rest_route=%2Fwp%2Fv2%2Fcomments&post=47"}],"version-history":[{"count":16,"href":"https:\/\/feguars.es\/index.php?rest_route=\/wp\/v2\/pages\/47\/revisions"}],"predecessor-version":[{"id":4086,"href":"https:\/\/feguars.es\/index.php?rest_route=\/wp\/v2\/pages\/47\/revisions\/4086"}],"up":[{"embeddable":true,"href":"https:\/\/feguars.es\/index.php?rest_route=\/wp\/v2\/pages\/41"}],"wp:attachment":[{"href":"https:\/\/feguars.es\/index.php?rest_route=%2Fwp%2Fv2%2Fmedia&parent=47"}],"curies":[{"name":"wp","href":"https:\/\/api.w.org\/{rel}","templated":true}]}}